{"id":4740,"date":"2022-01-09T15:10:31","date_gmt":"2022-01-09T14:10:31","guid":{"rendered":"https:\/\/boedeli-ski.ch\/?page_id=4740"},"modified":"2026-01-24T11:29:08","modified_gmt":"2026-01-24T10:29:08","slug":"beschreibung-regionalrennsport","status":"publish","type":"page","link":"https:\/\/boedeli-ski.ch\/?page_id=4740","title":{"rendered":"Beschreibung Regionalrennsport"},"content":{"rendered":"\n<p class=\"has-medium-font-size wp-block-paragraph\"><strong><strong>\u201eRegio-Ski\u201c Regionalrennsport &#8211; Ski Alpin<\/strong><\/strong><\/p>\n\n\n\n<p class=\"wp-block-paragraph\"><strong>Ziel und Zweck<\/strong><\/p>\n\n\n\n<p class=\"wp-block-paragraph\">B\u00f6deli-Ski als Dachverband m\u00f6chte mit seinen Skiclubs die M\u00f6glichkeit auch nach dem JO-Alter regional Skirennen zu fahren unterst\u00fctzen. Die Jugendlichen sollen neben dem aktiven Mitmachen in ihrem Skiclub auch in einer Gruppe Gleichaltriger einige Trainings absolvieren und Rennen besuchen k\u00f6nnen. Dieses Angebot ist kein st\u00e4ndiges Skikader, es basiert mehr auf tageweisem Training mit Anmeldung zu den jeweiligen Aktivit\u00e4ten. So ist ein Betreiben des Skirennsports neben einer regul\u00e4ren Ausbildung und mit vern\u00fcnftigem finanziellen Aufwand m\u00f6glich. B\u00f6deli-Ski leitet das Angebot und koordiniert mit den Skiclubs die Trainings und Rennbesuche.<\/p>\n\n\n\n<p class=\"wp-block-paragraph\"><strong>Zielgruppe<\/strong> (Saison 25-26)<\/p>\n\n\n\n<ul class=\"wp-block-list\">\n<li>2010 \u00dcbergangsjahrgang<\/li>\n\n\n\n<li>2009 &#8211; 2008 JuniorenInnen U18<\/li>\n\n\n\n<li>2007 &#8211; 2005 JuniorenInnen U21<\/li>\n<\/ul>\n\n\n\n<blockquote class=\"wp-block-quote is-layout-flow wp-block-quote-is-layout-flow\">\n<p class=\"wp-block-paragraph\">Teilnahmem\u00f6glichkeit f\u00fcr \u00e4ltere FahrerInnen als Junioren (inkl. Masters)<\/p>\n<\/blockquote>\n\n\n\n<figure class=\"wp-block-image size-large\"><img data-recalc-dims=\"1\" loading=\"lazy\" decoding=\"async\" width=\"810\" height=\"338\" src=\"https:\/\/i0.wp.com\/boedeli-ski.ch\/wp-content\/uploads\/2019\/06\/RegioSki3_w.jpg?resize=810%2C338&#038;ssl=1\" alt=\"\" class=\"wp-image-2448\" srcset=\"https:\/\/i0.wp.com\/boedeli-ski.ch\/wp-content\/uploads\/2019\/06\/RegioSki3_w.jpg?resize=1024%2C427&amp;ssl=1 1024w, https:\/\/i0.wp.com\/boedeli-ski.ch\/wp-content\/uploads\/2019\/06\/RegioSki3_w.jpg?resize=300%2C125&amp;ssl=1 300w, https:\/\/i0.wp.com\/boedeli-ski.ch\/wp-content\/uploads\/2019\/06\/RegioSki3_w.jpg?resize=768%2C320&amp;ssl=1 768w, https:\/\/i0.wp.com\/boedeli-ski.ch\/wp-content\/uploads\/2019\/06\/RegioSki3_w.jpg?w=1185&amp;ssl=1 1185w\" sizes=\"auto, (max-width: 810px) 100vw, 810px\" \/><\/figure>\n\n\n\n<p class=\"wp-block-paragraph\"><strong>Was bieten wir?<\/strong><\/p>\n\n\n\n<ul class=\"wp-block-list\">\n<li>Organisation Trainings und Rennbetreuung zusammen mit beteiligten Skiclubs<\/li>\n\n\n\n<li>Leitung durch ausgebildete und erfahre Trainer der Skiclubs und B\u00f6deli-Ski<\/li>\n\n\n\n<li>Trainings mit auf Zielgruppe zugeschnittener Kurssetzung und Pisten<\/li>\n\n\n\n<li>Nach M\u00f6glichkeit Mitfahrgelegenheit mit Teambus B\u00f6deli-Ski an Rennen<\/li>\n\n\n\n<li>Fachliche Unterst\u00fctzung und Spezialangebote im Materialbereich<\/li>\n<\/ul>\n\n\n\n<hr class=\"wp-block-separator has-css-opacity\"\/>\n\n\n\n<p class=\"wp-block-paragraph\"><strong>Trainingsangebot<\/strong><\/p>\n\n\n\n<p class=\"wp-block-paragraph\">Herbst:<br>Falls Interesse besteht, k\u00f6nnen Konditions- oder Skitrainings im Herbst f\u00fcr Regionalfahrer angeboten werden.<\/p>\n\n\n\n<p class=\"wp-block-paragraph\">Winter:<br>Es werden je 2 &#8211; 3 Trainings in den Wintermonaten (Dezember \u2013 M\u00e4rz) ausgeschrieben. Die Trainings finden auf verschiedenen Trainingspisten statt. Eine WhatsApp-Gruppe wird f\u00fcr die Teilnehmer eingerichtet. Die konkreten Trainingszeiten, Ort und Disziplinen werden einige Tage vor den Trainings bekanntgegeben.<br>Es besteht auch die M\u00f6glichkeit weitere offene Schneetrainings in andern Regionen des Berner Oberlands zu besuchen.<\/p>\n\n\n\n<figure class=\"wp-block-image size-large\"><img data-recalc-dims=\"1\" loading=\"lazy\" decoding=\"async\" width=\"810\" height=\"405\" src=\"https:\/\/i0.wp.com\/boedeli-ski.ch\/wp-content\/uploads\/2020\/07\/Bild3_IMG_2505.jpg?resize=810%2C405&#038;ssl=1\" alt=\"\" class=\"wp-image-3595\" srcset=\"https:\/\/i0.wp.com\/boedeli-ski.ch\/wp-content\/uploads\/2020\/07\/Bild3_IMG_2505-scaled.jpg?resize=1024%2C512&amp;ssl=1 1024w, https:\/\/i0.wp.com\/boedeli-ski.ch\/wp-content\/uploads\/2020\/07\/Bild3_IMG_2505-scaled.jpg?resize=300%2C150&amp;ssl=1 300w, https:\/\/i0.wp.com\/boedeli-ski.ch\/wp-content\/uploads\/2020\/07\/Bild3_IMG_2505-scaled.jpg?resize=768%2C384&amp;ssl=1 768w, https:\/\/i0.wp.com\/boedeli-ski.ch\/wp-content\/uploads\/2020\/07\/Bild3_IMG_2505-scaled.jpg?resize=1536%2C768&amp;ssl=1 1536w, https:\/\/i0.wp.com\/boedeli-ski.ch\/wp-content\/uploads\/2020\/07\/Bild3_IMG_2505-scaled.jpg?resize=2048%2C1024&amp;ssl=1 2048w, https:\/\/i0.wp.com\/boedeli-ski.ch\/wp-content\/uploads\/2020\/07\/Bild3_IMG_2505-scaled.jpg?resize=820%2C410&amp;ssl=1 820w, https:\/\/i0.wp.com\/boedeli-ski.ch\/wp-content\/uploads\/2020\/07\/Bild3_IMG_2505-scaled.jpg?resize=880%2C440&amp;ssl=1 880w, https:\/\/i0.wp.com\/boedeli-ski.ch\/wp-content\/uploads\/2020\/07\/Bild3_IMG_2505-scaled.jpg?w=1620&amp;ssl=1 1620w, https:\/\/i0.wp.com\/boedeli-ski.ch\/wp-content\/uploads\/2020\/07\/Bild3_IMG_2505-scaled.jpg?w=2430&amp;ssl=1 2430w\" sizes=\"auto, (max-width: 810px) 100vw, 810px\" \/><\/figure>\n\n\n\n<hr class=\"wp-block-separator has-css-opacity\"\/>\n\n\n\n<p class=\"wp-block-paragraph\"><strong>Wettk\u00e4mpfe<\/strong><\/p>\n\n\n\n<p class=\"wp-block-paragraph\">Regionalrennen &#8211; Berner Cup<\/p>\n\n\n\n<p class=\"wp-block-paragraph\">Diese Rennen sind unser Hauptziel. Es warten attraktive\nPreise auf die GewinnerInnen der Berner-Cup Jahreswertung. Insbesondere die Regionalrennen,\ndie in unsere N\u00e4he stattfinden wollen wir mit m\u00f6glichst vielen FahrerInnen\nbesuchen. Um Rennen dieser Kategorie zu fahren ist eine Swiss-Ski Lizenz n\u00f6tig,\ndie vom Skiclub beantragt werden muss.<\/p>\n\n\n\n<p class=\"wp-block-paragraph\">Swiss Regio Cup Rennen<\/p>\n\n\n\n<p class=\"wp-block-paragraph\">Wer mehr und sich auch schweizweit messen m\u00f6chte, kann die\nRennen des Swiss Regio Cup\u2019s besuchen. Allenfalls steht auch die Teilnahme an\nder Amateur Schweizermeisterschaft offen. <\/p>\n\n\n\n<p class=\"wp-block-paragraph\">Weitere Rennen<\/p>\n\n\n\n<p class=\"wp-block-paragraph\">B\u00f6deli-Meisterschaft f\u00fcr alle, sowie Bank EKI Ski Cup und Leki Cup Rennen f\u00fcr den \u00dcbergangsjahrgang. Volksrennen und weitere Veranstaltungen gem\u00e4ss startberechtigter Jahrg\u00e4nge.<\/p>\n\n\n\n<p class=\"wp-block-paragraph\">Material<\/p>\n\n\n\n<p class=\"wp-block-paragraph\">Bei Regionalrennen ist Skimaterial gem\u00e4ss Mastersbestimmungen zugelassen. Es darf, muss aber nicht FIS-konformes Material gefahren werden. F\u00fcr Riesenslalom und Super-G muss ein Helm der FIS RH2013 Norm getragen werden.<\/p>\n\n\n\n<figure class=\"wp-block-image size-large\"><img data-recalc-dims=\"1\" loading=\"lazy\" decoding=\"async\" width=\"810\" height=\"405\" src=\"https:\/\/i0.wp.com\/boedeli-ski.ch\/wp-content\/uploads\/2020\/07\/Bild2_IMG_2987.jpg?resize=810%2C405&#038;ssl=1\" alt=\"\" class=\"wp-image-3597\" srcset=\"https:\/\/i0.wp.com\/boedeli-ski.ch\/wp-content\/uploads\/2020\/07\/Bild2_IMG_2987-scaled.jpg?resize=1024%2C512&amp;ssl=1 1024w, https:\/\/i0.wp.com\/boedeli-ski.ch\/wp-content\/uploads\/2020\/07\/Bild2_IMG_2987-scaled.jpg?resize=300%2C150&amp;ssl=1 300w, https:\/\/i0.wp.com\/boedeli-ski.ch\/wp-content\/uploads\/2020\/07\/Bild2_IMG_2987-scaled.jpg?resize=768%2C384&amp;ssl=1 768w, https:\/\/i0.wp.com\/boedeli-ski.ch\/wp-content\/uploads\/2020\/07\/Bild2_IMG_2987-scaled.jpg?resize=1536%2C768&amp;ssl=1 1536w, https:\/\/i0.wp.com\/boedeli-ski.ch\/wp-content\/uploads\/2020\/07\/Bild2_IMG_2987-scaled.jpg?resize=2048%2C1024&amp;ssl=1 2048w, https:\/\/i0.wp.com\/boedeli-ski.ch\/wp-content\/uploads\/2020\/07\/Bild2_IMG_2987-scaled.jpg?resize=820%2C410&amp;ssl=1 820w, https:\/\/i0.wp.com\/boedeli-ski.ch\/wp-content\/uploads\/2020\/07\/Bild2_IMG_2987-scaled.jpg?resize=880%2C440&amp;ssl=1 880w, https:\/\/i0.wp.com\/boedeli-ski.ch\/wp-content\/uploads\/2020\/07\/Bild2_IMG_2987-scaled.jpg?w=1620&amp;ssl=1 1620w, https:\/\/i0.wp.com\/boedeli-ski.ch\/wp-content\/uploads\/2020\/07\/Bild2_IMG_2987-scaled.jpg?w=2430&amp;ssl=1 2430w\" sizes=\"auto, (max-width: 810px) 100vw, 810px\" \/><\/figure>\n\n\n\n<hr class=\"wp-block-separator has-css-opacity\"\/>\n\n\n\n<p class=\"wp-block-paragraph\"><strong>Teilnahme und Kosten<\/strong><\/p>\n\n\n\n<p class=\"wp-block-paragraph\">Die interessierten RegionalfahrerInnen k\u00f6nnen sich direkt oder \u00fcber den JO-Chef ihres Skiclubs f\u00fcr das Regio Team anmelden.<\/p>\n\n\n\n<p class=\"wp-block-paragraph\">Teilnahme Bedingungen:<\/p>\n\n\n\n<ul class=\"wp-block-list\">\n<li>A-Mitglied und Swiss-Ski Lizenz eines <a href=\"https:\/\/boedeli-ski.ch\/?page_id=42\">B\u00f6deli-Skiclubs<\/a><\/li>\n\n\n\n<li>Freude und sportliche orientierte Einstellung zum Skirennsport Alpin<\/li>\n\n\n\n<li>Einhaltung der Commitments von <a href=\"https:\/\/boedeli-ski.ch\/?page_id=2494\">Cool and Clean<\/a> f\u00fcr sauberen und fairen Sport<\/li>\n\n\n\n<li>Gen\u00fcgende Versicherungsdeckung (Haftpflicht, Unfall, REGA, Paraplegiker Stiftung)<\/li>\n<\/ul>\n\n\n\n<p class=\"wp-block-paragraph\">Kosten Junioren:<\/p>\n\n\n\n<p class=\"wp-block-paragraph\">Unkostenbeitrag von CHF 50.00 \/ Saison (nicht r\u00fcckforderbare Registrierungsgeb\u00fchr) <br>Alle zus\u00e4tzlichen Ausgaben (Skiabos, Verpflegung, Hotel, Kosten von Rennen, usw.) gehen zu Lasten der Teilnehmer.<\/p>\n\n\n\n<p class=\"wp-block-paragraph\">Teilnahmem\u00f6glichkeit \u00e4ltere FahrerInnen als Junioren (inkl. Masters) <\/p>\n\n\n\n<hr class=\"wp-block-separator has-css-opacity\"\/>\n\n\n\n<p class=\"wp-block-paragraph\"><strong>Finanzierung des Angebots<\/strong><\/p>\n\n\n\n<ul class=\"wp-block-list\">\n<li><a href=\"https:\/\/boedeli-ski.ch\/?page_id=42\">Beteiligte Skiclubs<\/a><\/li>\n\n\n\n<li>B\u00f6deli-Ski<\/li>\n\n\n\n<li>Teilnehmer<\/li>\n\n\n\n<li>Jugend und Sport<\/li>\n\n\n\n<li>Sponsoren und G\u00f6nner<\/li>\n<\/ul>\n\n\n\n<p class=\"wp-block-paragraph\">Regionalrennsport\nder B\u00f6deli Skiclubs wird unterst\u00fctzt von:<\/p>\n\n\n\n<div class=\"wp-block-columns is-layout-flex wp-container-core-columns-is-layout-8f761849 wp-block-columns-is-layout-flex\">\n<div class=\"wp-block-column is-layout-flow wp-block-column-is-layout-flow\"><\/div>\n\n\n\n<div class=\"wp-block-column is-layout-flow wp-block-column-is-layout-flow\">\n<figure class=\"wp-block-image size-large\"><a href=\"https:\/\/www.aeschimann.ch\" target=\"_blank\" rel=\"noreferrer noopener\"><img data-recalc-dims=\"1\" loading=\"lazy\" decoding=\"async\" width=\"810\" height=\"225\" src=\"https:\/\/i0.wp.com\/boedeli-ski.ch\/wp-content\/uploads\/2019\/09\/aeschimann_automationssysteme_w.png?resize=810%2C225&#038;ssl=1\" alt=\"\" class=\"wp-image-2650\" srcset=\"https:\/\/i0.wp.com\/boedeli-ski.ch\/wp-content\/uploads\/2019\/09\/aeschimann_automationssysteme_w.png?resize=1024%2C285&amp;ssl=1 1024w, https:\/\/i0.wp.com\/boedeli-ski.ch\/wp-content\/uploads\/2019\/09\/aeschimann_automationssysteme_w.png?resize=300%2C84&amp;ssl=1 300w, https:\/\/i0.wp.com\/boedeli-ski.ch\/wp-content\/uploads\/2019\/09\/aeschimann_automationssysteme_w.png?resize=768%2C214&amp;ssl=1 768w, https:\/\/i0.wp.com\/boedeli-ski.ch\/wp-content\/uploads\/2019\/09\/aeschimann_automationssysteme_w.png?w=1200&amp;ssl=1 1200w\" sizes=\"auto, (max-width: 810px) 100vw, 810px\" \/><\/a><\/figure>\n\n\n\n<p class=\"wp-block-paragraph\"><\/p>\n<\/div>\n\n\n\n<div class=\"wp-block-column is-layout-flow wp-block-column-is-layout-flow\"><\/div>\n<\/div>\n\n\n\n<hr class=\"wp-block-separator has-css-opacity\"\/>\n\n\n\n<p class=\"wp-block-paragraph\"><strong>Kontakt<\/strong><\/p>\n\n\n\n<p class=\"wp-block-paragraph\">Peter Bernet, <a href=\"mailto:info@boedeli-ski.ch\">info@boedeli-ski.ch<\/a><br>B\u00f6deli-Ski, Technischer Leiter<\/p>\n","protected":false},"excerpt":{"rendered":"<p>\u201eRegio-Ski\u201c Regionalrennsport &#8211; Ski Alpin Ziel und Zweck B\u00f6deli-Ski als [&hellip;]<\/p>\n","protected":false},"author":3,"featured_media":0,"parent":0,"menu_order":0,"comment_status":"closed","ping_status":"closed","template":"template-fullwidth.php","meta":{"_crdt_document":"","jetpack_post_was_ever_published":false,"footnotes":""},"class_list":["post-4740","page","type-page","status-publish","hentry"],"jetpack_sharing_enabled":true,"jetpack_shortlink":"https:\/\/wp.me\/P9y5Fm-1es","_links":{"self":[{"href":"https:\/\/boedeli-ski.ch\/index.php?rest_route=\/wp\/v2\/pages\/4740","targetHints":{"allow":["GET"]}}],"collection":[{"href":"https:\/\/boedeli-ski.ch\/index.php?rest_route=\/wp\/v2\/pages"}],"about":[{"href":"https:\/\/boedeli-ski.ch\/index.php?rest_route=\/wp\/v2\/types\/page"}],"author":[{"embeddable":true,"href":"https:\/\/boedeli-ski.ch\/index.php?rest_route=\/wp\/v2\/users\/3"}],"replies":[{"embeddable":true,"href":"https:\/\/boedeli-ski.ch\/index.php?rest_route=%2Fwp%2Fv2%2Fcomments&post=4740"}],"version-history":[{"count":14,"href":"https:\/\/boedeli-ski.ch\/index.php?rest_route=\/wp\/v2\/pages\/4740\/revisions"}],"predecessor-version":[{"id":7647,"href":"https:\/\/boedeli-ski.ch\/index.php?rest_route=\/wp\/v2\/pages\/4740\/revisions\/7647"}],"wp:attachment":[{"href":"https:\/\/boedeli-ski.ch\/index.php?rest_route=%2Fwp%2Fv2%2Fmedia&parent=4740"}],"curies":[{"name":"wp","href":"https:\/\/api.w.org\/{rel}","templated":true}]}}